{"id":9747,"date":"2023-09-02T20:54:31","date_gmt":"2023-09-02T18:54:31","guid":{"rendered":"https:\/\/vsseyring.ac.at\/?page_id=9747"},"modified":"2024-07-04T10:47:49","modified_gmt":"2024-07-04T08:47:49","slug":"schuljahr-2023-2024","status":"publish","type":"page","link":"https:\/\/vsseyring.ac.at\/?page_id=9747","title":{"rendered":"Schuljahr 2023\/2024"},"content":{"rendered":"<p><img loading=\"lazy\" decoding=\"async\" class=\"aligncenter size-full wp-image-9900\" src=\"https:\/\/vsseyring.ac.at\/wp-content\/uploads\/2024\/07\/WhatsApp-Image-2024-07-04-at-10.42.47.jpeg\" alt=\"\" width=\"1638\" height=\"2048\" srcset=\"https:\/\/vsseyring.ac.at\/wp-content\/uploads\/2024\/07\/WhatsApp-Image-2024-07-04-at-10.42.47.jpeg 1638w, https:\/\/vsseyring.ac.at\/wp-content\/uploads\/2024\/07\/WhatsApp-Image-2024-07-04-at-10.42.47-240x300.jpeg 240w, https:\/\/vsseyring.ac.at\/wp-content\/uploads\/2024\/07\/WhatsApp-Image-2024-07-04-at-10.42.47-819x1024.jpeg 819w, https:\/\/vsseyring.ac.at\/wp-content\/uploads\/2024\/07\/WhatsApp-Image-2024-07-04-at-10.42.47-768x960.jpeg 768w, https:\/\/vsseyring.ac.at\/wp-content\/uploads\/2024\/07\/WhatsApp-Image-2024-07-04-at-10.42.47-1229x1536.jpeg 1229w\" sizes=\"auto, (max-width: 1638px) 100vw, 1638px\" \/><\/p>\n<p><img loading=\"lazy\" decoding=\"async\" class=\"aligncenter size-full wp-image-9901\" src=\"https:\/\/vsseyring.ac.at\/wp-content\/uploads\/2024\/07\/WhatsApp-Image-2024-07-04-at-10.42.46.jpeg\" alt=\"\" width=\"1638\" height=\"2048\" srcset=\"https:\/\/vsseyring.ac.at\/wp-content\/uploads\/2024\/07\/WhatsApp-Image-2024-07-04-at-10.42.46.jpeg 1638w, https:\/\/vsseyring.ac.at\/wp-content\/uploads\/2024\/07\/WhatsApp-Image-2024-07-04-at-10.42.46-240x300.jpeg 240w, https:\/\/vsseyring.ac.at\/wp-content\/uploads\/2024\/07\/WhatsApp-Image-2024-07-04-at-10.42.46-819x1024.jpeg 819w, https:\/\/vsseyring.ac.at\/wp-content\/uploads\/2024\/07\/WhatsApp-Image-2024-07-04-at-10.42.46-768x960.jpeg 768w, https:\/\/vsseyring.ac.at\/wp-content\/uploads\/2024\/07\/WhatsApp-Image-2024-07-04-at-10.42.46-1229x1536.jpeg 1229w\" sizes=\"auto, (max-width: 1638px) 100vw, 1638px\" \/><\/p>\n<p><span style=\"font-family: tahoma, arial, helvetica, sans-serif;\">Bei unserem traditionellen Abschlussfest am letzten Schultag verabschiedeten wir die vierte Klasse. Wir werden euch vermissen.<\/span><\/p>\n<p>&nbsp;<\/p>\n<p><img loading=\"lazy\" decoding=\"async\" class=\"aligncenter size-full wp-image-9890\" src=\"https:\/\/vsseyring.ac.at\/wp-content\/uploads\/2024\/07\/WhatsApp-Image-2024-07-04-at-09.52.57.jpeg\" alt=\"\" width=\"1599\" height=\"1200\" srcset=\"https:\/\/vsseyring.ac.at\/wp-content\/uploads\/2024\/07\/WhatsApp-Image-2024-07-04-at-09.52.57.jpeg 1599w, https:\/\/vsseyring.ac.at\/wp-content\/uploads\/2024\/07\/WhatsApp-Image-2024-07-04-at-09.52.57-300x225.jpeg 300w, https:\/\/vsseyring.ac.at\/wp-content\/uploads\/2024\/07\/WhatsApp-Image-2024-07-04-at-09.52.57-1024x768.jpeg 1024w, https:\/\/vsseyring.ac.at\/wp-content\/uploads\/2024\/07\/WhatsApp-Image-2024-07-04-at-09.52.57-768x576.jpeg 768w, https:\/\/vsseyring.ac.at\/wp-content\/uploads\/2024\/07\/WhatsApp-Image-2024-07-04-at-09.52.57-1536x1153.jpeg 1536w\" sizes=\"auto, (max-width: 1599px) 100vw, 1599px\" \/><\/p>\n<p><span style=\"font-family: tahoma, arial, helvetica, sans-serif;\">Die ganze Schule machte einen Abschlussausflug ins Planetarium. Dort erfuhren wir viel Wissenswertes \u00fcber das Universum.<\/span><\/p>\n<p>&nbsp;<\/p>\n<p><img loading=\"lazy\" decoding=\"async\" class=\"aligncenter size-full wp-image-9892\" src=\"https:\/\/vsseyring.ac.at\/wp-content\/uploads\/2024\/07\/WhatsApp-Image-2024-07-04-at-09.52.571.jpeg\" alt=\"\" width=\"1638\" height=\"2048\" srcset=\"https:\/\/vsseyring.ac.at\/wp-content\/uploads\/2024\/07\/WhatsApp-Image-2024-07-04-at-09.52.571.jpeg 1638w, https:\/\/vsseyring.ac.at\/wp-content\/uploads\/2024\/07\/WhatsApp-Image-2024-07-04-at-09.52.571-240x300.jpeg 240w, https:\/\/vsseyring.ac.at\/wp-content\/uploads\/2024\/07\/WhatsApp-Image-2024-07-04-at-09.52.571-819x1024.jpeg 819w, https:\/\/vsseyring.ac.at\/wp-content\/uploads\/2024\/07\/WhatsApp-Image-2024-07-04-at-09.52.571-768x960.jpeg 768w, https:\/\/vsseyring.ac.at\/wp-content\/uploads\/2024\/07\/WhatsApp-Image-2024-07-04-at-09.52.571-1229x1536.jpeg 1229w\" sizes=\"auto, (max-width: 1638px) 100vw, 1638px\" \/><\/p>\n<p><span style=\"font-family: tahoma, arial, helvetica, sans-serif;\">Viel Spa\u00df hatte die dritte Klasse bei ihrer Lesenacht. Pizza machen, eine Schatzsuche und ein Nachtspaziergang waren die Highlights.<br \/>\n<\/span><\/p>\n<p>&nbsp;<\/p>\n<p><img loading=\"lazy\" decoding=\"async\" class=\"aligncenter size-full wp-image-9897\" src=\"https:\/\/vsseyring.ac.at\/wp-content\/uploads\/2024\/07\/WhatsApp-Image-2024-07-04-at-10.28.53.jpeg\" alt=\"\" width=\"1638\" height=\"2048\" srcset=\"https:\/\/vsseyring.ac.at\/wp-content\/uploads\/2024\/07\/WhatsApp-Image-2024-07-04-at-10.28.53.jpeg 1638w, https:\/\/vsseyring.ac.at\/wp-content\/uploads\/2024\/07\/WhatsApp-Image-2024-07-04-at-10.28.53-240x300.jpeg 240w, https:\/\/vsseyring.ac.at\/wp-content\/uploads\/2024\/07\/WhatsApp-Image-2024-07-04-at-10.28.53-819x1024.jpeg 819w, https:\/\/vsseyring.ac.at\/wp-content\/uploads\/2024\/07\/WhatsApp-Image-2024-07-04-at-10.28.53-768x960.jpeg 768w, https:\/\/vsseyring.ac.at\/wp-content\/uploads\/2024\/07\/WhatsApp-Image-2024-07-04-at-10.28.53-1229x1536.jpeg 1229w\" sizes=\"auto, (max-width: 1638px) 100vw, 1638px\" \/><\/p>\n<p><img loading=\"lazy\" decoding=\"async\" class=\"aligncenter size-full wp-image-9898\" src=\"https:\/\/vsseyring.ac.at\/wp-content\/uploads\/2024\/07\/WhatsApp-Image-2024-07-04-at-10.28.52.jpeg\" alt=\"\" width=\"1638\" height=\"2048\" srcset=\"https:\/\/vsseyring.ac.at\/wp-content\/uploads\/2024\/07\/WhatsApp-Image-2024-07-04-at-10.28.52.jpeg 1638w, https:\/\/vsseyring.ac.at\/wp-content\/uploads\/2024\/07\/WhatsApp-Image-2024-07-04-at-10.28.52-240x300.jpeg 240w, https:\/\/vsseyring.ac.at\/wp-content\/uploads\/2024\/07\/WhatsApp-Image-2024-07-04-at-10.28.52-819x1024.jpeg 819w, https:\/\/vsseyring.ac.at\/wp-content\/uploads\/2024\/07\/WhatsApp-Image-2024-07-04-at-10.28.52-768x960.jpeg 768w, https:\/\/vsseyring.ac.at\/wp-content\/uploads\/2024\/07\/WhatsApp-Image-2024-07-04-at-10.28.52-1229x1536.jpeg 1229w\" sizes=\"auto, (max-width: 1638px) 100vw, 1638px\" \/><\/p>\n<p><span style=\"font-family: tahoma, arial, helvetica, sans-serif;\">Ein absolutes Highlight des Jahres war der Blaulichttag. Feuerwehr, Rettung, Polizei und Bundesheer stellten sich den Kindern in Workshops vor.<\/span><\/p>\n<p>&nbsp;<\/p>\n<p><img loading=\"lazy\" decoding=\"async\" class=\"aligncenter size-full wp-image-9894\" src=\"https:\/\/vsseyring.ac.at\/wp-content\/uploads\/2024\/07\/WhatsApp-Image-2024-07-04-at-09.52.572.jpeg\" alt=\"\" width=\"1638\" height=\"2048\" srcset=\"https:\/\/vsseyring.ac.at\/wp-content\/uploads\/2024\/07\/WhatsApp-Image-2024-07-04-at-09.52.572.jpeg 1638w, https:\/\/vsseyring.ac.at\/wp-content\/uploads\/2024\/07\/WhatsApp-Image-2024-07-04-at-09.52.572-240x300.jpeg 240w, https:\/\/vsseyring.ac.at\/wp-content\/uploads\/2024\/07\/WhatsApp-Image-2024-07-04-at-09.52.572-819x1024.jpeg 819w, https:\/\/vsseyring.ac.at\/wp-content\/uploads\/2024\/07\/WhatsApp-Image-2024-07-04-at-09.52.572-768x960.jpeg 768w, https:\/\/vsseyring.ac.at\/wp-content\/uploads\/2024\/07\/WhatsApp-Image-2024-07-04-at-09.52.572-1229x1536.jpeg 1229w\" sizes=\"auto, (max-width: 1638px) 100vw, 1638px\" \/><\/p>\n<p><span style=\"font-family: tahoma, arial, helvetica, sans-serif;\">Die 2. und die 3. Klasse besuchten die Storchenkolonie in Marchegg und lernten viel \u00fcber die St\u00f6rche.<\/span><\/p>\n<p>&nbsp;<\/p>\n<p><img loading=\"lazy\" decoding=\"async\" class=\"aligncenter size-full wp-image-9887\" src=\"https:\/\/vsseyring.ac.at\/wp-content\/uploads\/2024\/06\/WhatsApp-Image-2024-06-11-at-11.16.59.jpeg\" alt=\"\" width=\"1638\" height=\"2048\" srcset=\"https:\/\/vsseyring.ac.at\/wp-content\/uploads\/2024\/06\/WhatsApp-Image-2024-06-11-at-11.16.59.jpeg 1638w, https:\/\/vsseyring.ac.at\/wp-content\/uploads\/2024\/06\/WhatsApp-Image-2024-06-11-at-11.16.59-240x300.jpeg 240w, https:\/\/vsseyring.ac.at\/wp-content\/uploads\/2024\/06\/WhatsApp-Image-2024-06-11-at-11.16.59-819x1024.jpeg 819w, https:\/\/vsseyring.ac.at\/wp-content\/uploads\/2024\/06\/WhatsApp-Image-2024-06-11-at-11.16.59-768x960.jpeg 768w, https:\/\/vsseyring.ac.at\/wp-content\/uploads\/2024\/06\/WhatsApp-Image-2024-06-11-at-11.16.59-1229x1536.jpeg 1229w\" sizes=\"auto, (max-width: 1638px) 100vw, 1638px\" \/><\/p>\n<p><span style=\"font-family: tahoma, arial, helvetica, sans-serif;\">Heute fand die Siegerehrung des heurigen Raika Zeichenwettbewerbes mit dem Thema &#8220; Der Erde eine Zukunft geben.&#8220; statt. Herr Hager vergab an die ersten drei Platzierten jeder Klasse tolle Preise. Alle Siegerinnen und Sieger freuten sich sehr.<\/span><\/p>\n<p>&nbsp;<\/p>\n<p><img loading=\"lazy\" decoding=\"async\" class=\"aligncenter size-full wp-image-9878\" src=\"https:\/\/vsseyring.ac.at\/wp-content\/uploads\/2024\/06\/WhatsApp-Image-2024-06-05-at-10.15.53.jpeg\" alt=\"\" width=\"1530\" height=\"2040\" srcset=\"https:\/\/vsseyring.ac.at\/wp-content\/uploads\/2024\/06\/WhatsApp-Image-2024-06-05-at-10.15.53.jpeg 1530w, https:\/\/vsseyring.ac.at\/wp-content\/uploads\/2024\/06\/WhatsApp-Image-2024-06-05-at-10.15.53-225x300.jpeg 225w, https:\/\/vsseyring.ac.at\/wp-content\/uploads\/2024\/06\/WhatsApp-Image-2024-06-05-at-10.15.53-768x1024.jpeg 768w, https:\/\/vsseyring.ac.at\/wp-content\/uploads\/2024\/06\/WhatsApp-Image-2024-06-05-at-10.15.53-1152x1536.jpeg 1152w\" sizes=\"auto, (max-width: 1530px) 100vw, 1530px\" \/><\/p>\n<p><img loading=\"lazy\" decoding=\"async\" class=\"aligncenter size-full wp-image-9879\" src=\"https:\/\/vsseyring.ac.at\/wp-content\/uploads\/2024\/06\/WhatsApp-Image-2024-06-05-at-10.15.52.jpeg\" alt=\"\" width=\"1530\" height=\"2040\" srcset=\"https:\/\/vsseyring.ac.at\/wp-content\/uploads\/2024\/06\/WhatsApp-Image-2024-06-05-at-10.15.52.jpeg 1530w, https:\/\/vsseyring.ac.at\/wp-content\/uploads\/2024\/06\/WhatsApp-Image-2024-06-05-at-10.15.52-225x300.jpeg 225w, https:\/\/vsseyring.ac.at\/wp-content\/uploads\/2024\/06\/WhatsApp-Image-2024-06-05-at-10.15.52-768x1024.jpeg 768w, https:\/\/vsseyring.ac.at\/wp-content\/uploads\/2024\/06\/WhatsApp-Image-2024-06-05-at-10.15.52-1152x1536.jpeg 1152w\" sizes=\"auto, (max-width: 1530px) 100vw, 1530px\" \/><\/p>\n<p><span style=\"font-family: tahoma, arial, helvetica, sans-serif;\">Im Mai haben wieder unsere Tennisstunden begonnen. Danke an den Tennisverein Seyring, der uns diese tollen Erlebnisse erm\u00f6glicht.<\/span><\/p>\n<p>&nbsp;<\/p>\n<p><img loading=\"lazy\" decoding=\"async\" class=\"aligncenter size-full wp-image-9885\" src=\"https:\/\/vsseyring.ac.at\/wp-content\/uploads\/2024\/06\/WhatsApp-Image-2024-06-05-at-12.10.56.jpeg\" alt=\"\" width=\"1638\" height=\"2048\" srcset=\"https:\/\/vsseyring.ac.at\/wp-content\/uploads\/2024\/06\/WhatsApp-Image-2024-06-05-at-12.10.56.jpeg 1638w, https:\/\/vsseyring.ac.at\/wp-content\/uploads\/2024\/06\/WhatsApp-Image-2024-06-05-at-12.10.56-240x300.jpeg 240w, https:\/\/vsseyring.ac.at\/wp-content\/uploads\/2024\/06\/WhatsApp-Image-2024-06-05-at-12.10.56-819x1024.jpeg 819w, https:\/\/vsseyring.ac.at\/wp-content\/uploads\/2024\/06\/WhatsApp-Image-2024-06-05-at-12.10.56-768x960.jpeg 768w, https:\/\/vsseyring.ac.at\/wp-content\/uploads\/2024\/06\/WhatsApp-Image-2024-06-05-at-12.10.56-1229x1536.jpeg 1229w\" sizes=\"auto, (max-width: 1638px) 100vw, 1638px\" \/><\/p>\n<p><span style=\"font-family: tahoma, arial, helvetica, sans-serif;\">Juhu! Unser erstes Werkst\u00fcck aus Holz ist fertig. Die zweite Klasse hat zum ersten Mal selbstst\u00e4ndig ein Lastauto gebaut. Es musste gemessen, ges\u00e4gt und geleimt werden.<\/span><\/p>\n<p>&nbsp;<\/p>\n<p><img loading=\"lazy\" decoding=\"async\" class=\"aligncenter size-full wp-image-9883\" src=\"https:\/\/vsseyring.ac.at\/wp-content\/uploads\/2024\/06\/WhatsApp-Image-2024-06-05-at-12.10.571.jpeg\" alt=\"\" width=\"1638\" height=\"2048\" srcset=\"https:\/\/vsseyring.ac.at\/wp-content\/uploads\/2024\/06\/WhatsApp-Image-2024-06-05-at-12.10.571.jpeg 1638w, https:\/\/vsseyring.ac.at\/wp-content\/uploads\/2024\/06\/WhatsApp-Image-2024-06-05-at-12.10.571-240x300.jpeg 240w, https:\/\/vsseyring.ac.at\/wp-content\/uploads\/2024\/06\/WhatsApp-Image-2024-06-05-at-12.10.571-819x1024.jpeg 819w, https:\/\/vsseyring.ac.at\/wp-content\/uploads\/2024\/06\/WhatsApp-Image-2024-06-05-at-12.10.571-768x960.jpeg 768w, https:\/\/vsseyring.ac.at\/wp-content\/uploads\/2024\/06\/WhatsApp-Image-2024-06-05-at-12.10.571-1229x1536.jpeg 1229w\" sizes=\"auto, (max-width: 1638px) 100vw, 1638px\" \/><\/p>\n<p><img loading=\"lazy\" decoding=\"async\" class=\"aligncenter size-full wp-image-9884\" src=\"https:\/\/vsseyring.ac.at\/wp-content\/uploads\/2024\/06\/WhatsApp-Image-2024-06-05-at-12.10.57.jpeg\" alt=\"\" width=\"1638\" height=\"2048\" srcset=\"https:\/\/vsseyring.ac.at\/wp-content\/uploads\/2024\/06\/WhatsApp-Image-2024-06-05-at-12.10.57.jpeg 1638w, https:\/\/vsseyring.ac.at\/wp-content\/uploads\/2024\/06\/WhatsApp-Image-2024-06-05-at-12.10.57-240x300.jpeg 240w, https:\/\/vsseyring.ac.at\/wp-content\/uploads\/2024\/06\/WhatsApp-Image-2024-06-05-at-12.10.57-819x1024.jpeg 819w, https:\/\/vsseyring.ac.at\/wp-content\/uploads\/2024\/06\/WhatsApp-Image-2024-06-05-at-12.10.57-768x960.jpeg 768w, https:\/\/vsseyring.ac.at\/wp-content\/uploads\/2024\/06\/WhatsApp-Image-2024-06-05-at-12.10.57-1229x1536.jpeg 1229w\" sizes=\"auto, (max-width: 1638px) 100vw, 1638px\" \/><\/p>\n<p><span style=\"font-family: tahoma, arial, helvetica, sans-serif;\">Am 24.5. fand der Tag der offenen T\u00fcr f\u00fcr Eltern und Kinder der kommenden 1.Klasse statt. Die Sch\u00fclerinnen und Sch\u00fcler der vierten Klassen hatten f\u00fcr ihre Nachfolger Stationen vorbereitet und f\u00fchrten anschlie\u00dfend Eltern und Kinder professionell durch das Schulhaus. Eine gelungene Vorstellung unserer Schule, die allen Spa\u00df gemacht hat.<\/span><\/p>\n<p>&nbsp;<\/p>\n<p><img loading=\"lazy\" decoding=\"async\" class=\"aligncenter size-full wp-image-9870\" src=\"https:\/\/vsseyring.ac.at\/wp-content\/uploads\/2024\/05\/WhatsApp-Image-2024-05-22-at-09.42.22.jpeg\" alt=\"\" width=\"1599\" height=\"1200\" srcset=\"https:\/\/vsseyring.ac.at\/wp-content\/uploads\/2024\/05\/WhatsApp-Image-2024-05-22-at-09.42.22.jpeg 1599w, https:\/\/vsseyring.ac.at\/wp-content\/uploads\/2024\/05\/WhatsApp-Image-2024-05-22-at-09.42.22-300x225.jpeg 300w, https:\/\/vsseyring.ac.at\/wp-content\/uploads\/2024\/05\/WhatsApp-Image-2024-05-22-at-09.42.22-1024x768.jpeg 1024w, https:\/\/vsseyring.ac.at\/wp-content\/uploads\/2024\/05\/WhatsApp-Image-2024-05-22-at-09.42.22-768x576.jpeg 768w, https:\/\/vsseyring.ac.at\/wp-content\/uploads\/2024\/05\/WhatsApp-Image-2024-05-22-at-09.42.22-1536x1153.jpeg 1536w\" sizes=\"auto, (max-width: 1599px) 100vw, 1599px\" \/><\/p>\n<p><span style=\"font-family: tahoma, arial, helvetica, sans-serif;\">Viel Spa\u00df hatte die 3.Klasse bei der Verkehrssicherheitsaktion Apfel\/Zitrone. Alle aufgehaltenen Autofahrer*innen fuhren vorbildlich und erhielten als Dank einen Apfel. Zitronen mussten keine vergeben werden.<\/span><\/p>\n<p>&nbsp;<\/p>\n<p><img loading=\"lazy\" decoding=\"async\" class=\"aligncenter size-full wp-image-9875\" src=\"https:\/\/vsseyring.ac.at\/wp-content\/uploads\/2024\/05\/WhatsApp-Image-2024-05-22-at-09.59.42.jpeg\" alt=\"\" width=\"1638\" height=\"2048\" srcset=\"https:\/\/vsseyring.ac.at\/wp-content\/uploads\/2024\/05\/WhatsApp-Image-2024-05-22-at-09.59.42.jpeg 1638w, https:\/\/vsseyring.ac.at\/wp-content\/uploads\/2024\/05\/WhatsApp-Image-2024-05-22-at-09.59.42-240x300.jpeg 240w, https:\/\/vsseyring.ac.at\/wp-content\/uploads\/2024\/05\/WhatsApp-Image-2024-05-22-at-09.59.42-819x1024.jpeg 819w, https:\/\/vsseyring.ac.at\/wp-content\/uploads\/2024\/05\/WhatsApp-Image-2024-05-22-at-09.59.42-768x960.jpeg 768w, https:\/\/vsseyring.ac.at\/wp-content\/uploads\/2024\/05\/WhatsApp-Image-2024-05-22-at-09.59.42-1229x1536.jpeg 1229w\" sizes=\"auto, (max-width: 1638px) 100vw, 1638px\" \/><\/p>\n<p><span style=\"font-family: tahoma, arial, helvetica, sans-serif;\">Ein besonderes Erlebnis war das Mitmachtheater &#8222;Vivaldi&#8220;. Professionelle Musiker entf\u00fchrten die Sch\u00fcler*innen spielerisch in die Welt der klassischen Musik. Eifrig durften die Sch\u00fcler*innen mitmusizieren und die B\u00fchne erkunden.&nbsp;<\/span><\/p>\n<p>&nbsp;<\/p>\n<p><img loading=\"lazy\" decoding=\"async\" class=\"aligncenter size-full wp-image-9873\" src=\"https:\/\/vsseyring.ac.at\/wp-content\/uploads\/2024\/05\/WhatsApp-Image-2024-05-22-at-09.54.07.jpeg\" alt=\"\" width=\"2000\" height=\"1500\" srcset=\"https:\/\/vsseyring.ac.at\/wp-content\/uploads\/2024\/05\/WhatsApp-Image-2024-05-22-at-09.54.07.jpeg 2000w, https:\/\/vsseyring.ac.at\/wp-content\/uploads\/2024\/05\/WhatsApp-Image-2024-05-22-at-09.54.07-300x225.jpeg 300w, https:\/\/vsseyring.ac.at\/wp-content\/uploads\/2024\/05\/WhatsApp-Image-2024-05-22-at-09.54.07-1024x768.jpeg 1024w, https:\/\/vsseyring.ac.at\/wp-content\/uploads\/2024\/05\/WhatsApp-Image-2024-05-22-at-09.54.07-768x576.jpeg 768w, https:\/\/vsseyring.ac.at\/wp-content\/uploads\/2024\/05\/WhatsApp-Image-2024-05-22-at-09.54.07-1536x1152.jpeg 1536w\" sizes=\"auto, (max-width: 2000px) 100vw, 2000px\" \/><\/p>\n<p><span style=\"font-family: tahoma, arial, helvetica, sans-serif;\">Alle teilnehmenden Sch\u00fcler*innen der 4.Klasse haben die Fahrradpr\u00fcfung bestanden! Herzliche Gratulation!<\/span><\/p>\n<p>&nbsp;<\/p>\n<p><img loading=\"lazy\" decoding=\"async\" class=\"aligncenter size-full wp-image-9871\" src=\"https:\/\/vsseyring.ac.at\/wp-content\/uploads\/2024\/05\/WhatsApp-Image-2024-05-22-at-09.49.58.jpeg\" alt=\"\" width=\"1638\" height=\"2048\" srcset=\"https:\/\/vsseyring.ac.at\/wp-content\/uploads\/2024\/05\/WhatsApp-Image-2024-05-22-at-09.49.58.jpeg 1638w, https:\/\/vsseyring.ac.at\/wp-content\/uploads\/2024\/05\/WhatsApp-Image-2024-05-22-at-09.49.58-240x300.jpeg 240w, https:\/\/vsseyring.ac.at\/wp-content\/uploads\/2024\/05\/WhatsApp-Image-2024-05-22-at-09.49.58-819x1024.jpeg 819w, https:\/\/vsseyring.ac.at\/wp-content\/uploads\/2024\/05\/WhatsApp-Image-2024-05-22-at-09.49.58-768x960.jpeg 768w, https:\/\/vsseyring.ac.at\/wp-content\/uploads\/2024\/05\/WhatsApp-Image-2024-05-22-at-09.49.58-1229x1536.jpeg 1229w\" sizes=\"auto, (max-width: 1638px) 100vw, 1638px\" \/><\/p>\n<p><img loading=\"lazy\" decoding=\"async\" class=\"aligncenter size-full wp-image-9872\" src=\"https:\/\/vsseyring.ac.at\/wp-content\/uploads\/2024\/05\/WhatsApp-Image-2024-05-22-at-09.49.581.jpeg\" alt=\"\" width=\"1638\" height=\"2048\" srcset=\"https:\/\/vsseyring.ac.at\/wp-content\/uploads\/2024\/05\/WhatsApp-Image-2024-05-22-at-09.49.581.jpeg 1638w, https:\/\/vsseyring.ac.at\/wp-content\/uploads\/2024\/05\/WhatsApp-Image-2024-05-22-at-09.49.581-240x300.jpeg 240w, https:\/\/vsseyring.ac.at\/wp-content\/uploads\/2024\/05\/WhatsApp-Image-2024-05-22-at-09.49.581-819x1024.jpeg 819w, https:\/\/vsseyring.ac.at\/wp-content\/uploads\/2024\/05\/WhatsApp-Image-2024-05-22-at-09.49.581-768x960.jpeg 768w, https:\/\/vsseyring.ac.at\/wp-content\/uploads\/2024\/05\/WhatsApp-Image-2024-05-22-at-09.49.581-1229x1536.jpeg 1229w\" sizes=\"auto, (max-width: 1638px) 100vw, 1638px\" \/><\/p>\n<p><span style=\"font-family: tahoma, arial, helvetica, sans-serif;\">Gemeinsam mit ihrer Partnerklasse der VS G\u00e4nserndorf besuchte die 3.Klasse das Schulmuseum Michelstetten.<\/span><\/p>\n<p>&nbsp;<\/p>\n<p><img loading=\"lazy\" decoding=\"async\" class=\"aligncenter size-full wp-image-9866\" src=\"https:\/\/vsseyring.ac.at\/wp-content\/uploads\/2024\/04\/WhatsApp-Image-2024-04-15-at-15.40.31.jpeg\" alt=\"\" width=\"1638\" height=\"2048\" srcset=\"https:\/\/vsseyring.ac.at\/wp-content\/uploads\/2024\/04\/WhatsApp-Image-2024-04-15-at-15.40.31.jpeg 1638w, https:\/\/vsseyring.ac.at\/wp-content\/uploads\/2024\/04\/WhatsApp-Image-2024-04-15-at-15.40.31-240x300.jpeg 240w, https:\/\/vsseyring.ac.at\/wp-content\/uploads\/2024\/04\/WhatsApp-Image-2024-04-15-at-15.40.31-819x1024.jpeg 819w, https:\/\/vsseyring.ac.at\/wp-content\/uploads\/2024\/04\/WhatsApp-Image-2024-04-15-at-15.40.31-768x960.jpeg 768w, https:\/\/vsseyring.ac.at\/wp-content\/uploads\/2024\/04\/WhatsApp-Image-2024-04-15-at-15.40.31-1229x1536.jpeg 1229w\" sizes=\"auto, (max-width: 1638px) 100vw, 1638px\" \/><\/p>\n<p><span style=\"font-family: tahoma, arial, helvetica, sans-serif;\">&#8222;Wer ist die Sch\u00f6nste im ganzen Land?&#8220;, frage sich die zweite Klasse beim Besuch des St\u00fccks Schneewittchen in der Kinderoper. Dank der tollen Auff\u00fchrung sind die Sch\u00fcler*innen nun eine Erfahrung reicher und haben zum ersten Mal eine Oper besucht. <\/span><\/p>\n<p>&nbsp;<\/p>\n<p><img loading=\"lazy\" decoding=\"async\" class=\"aligncenter size-full wp-image-9861\" src=\"https:\/\/vsseyring.ac.at\/wp-content\/uploads\/2024\/04\/WhatsApp-Image-2024-04-15-at-15.33.11.jpeg\" alt=\"\" width=\"1638\" height=\"2048\" srcset=\"https:\/\/vsseyring.ac.at\/wp-content\/uploads\/2024\/04\/WhatsApp-Image-2024-04-15-at-15.33.11.jpeg 1638w, https:\/\/vsseyring.ac.at\/wp-content\/uploads\/2024\/04\/WhatsApp-Image-2024-04-15-at-15.33.11-240x300.jpeg 240w, https:\/\/vsseyring.ac.at\/wp-content\/uploads\/2024\/04\/WhatsApp-Image-2024-04-15-at-15.33.11-819x1024.jpeg 819w, https:\/\/vsseyring.ac.at\/wp-content\/uploads\/2024\/04\/WhatsApp-Image-2024-04-15-at-15.33.11-768x960.jpeg 768w, https:\/\/vsseyring.ac.at\/wp-content\/uploads\/2024\/04\/WhatsApp-Image-2024-04-15-at-15.33.11-1229x1536.jpeg 1229w\" sizes=\"auto, (max-width: 1638px) 100vw, 1638px\" \/><\/p>\n<p><span style=\"font-family: tahoma, arial, helvetica, sans-serif;\">Wir halten Seyring sauber! Alle Klassen beteiligten sich an der Gerasdorfer Flurreinigung und s\u00e4uberten die Umgebung. <\/span><\/p>\n<p>&nbsp;<\/p>\n<p><span style=\"font-family: tahoma, arial, helvetica, sans-serif;\"><img loading=\"lazy\" decoding=\"async\" class=\"aligncenter size-full wp-image-9862\" src=\"https:\/\/vsseyring.ac.at\/wp-content\/uploads\/2024\/04\/WhatsApp-Image-2024-04-15-at-15.33.28.jpeg\" alt=\"\" width=\"2048\" height=\"1536\" srcset=\"https:\/\/vsseyring.ac.at\/wp-content\/uploads\/2024\/04\/WhatsApp-Image-2024-04-15-at-15.33.28.jpeg 2048w, https:\/\/vsseyring.ac.at\/wp-content\/uploads\/2024\/04\/WhatsApp-Image-2024-04-15-at-15.33.28-300x225.jpeg 300w, https:\/\/vsseyring.ac.at\/wp-content\/uploads\/2024\/04\/WhatsApp-Image-2024-04-15-at-15.33.28-1024x768.jpeg 1024w, https:\/\/vsseyring.ac.at\/wp-content\/uploads\/2024\/04\/WhatsApp-Image-2024-04-15-at-15.33.28-768x576.jpeg 768w, https:\/\/vsseyring.ac.at\/wp-content\/uploads\/2024\/04\/WhatsApp-Image-2024-04-15-at-15.33.28-1536x1152.jpeg 1536w\" sizes=\"auto, (max-width: 2048px) 100vw, 2048px\" \/> <\/span><\/p>\n<p><span style=\"font-family: tahoma, arial, helvetica, sans-serif;\"><img loading=\"lazy\" decoding=\"async\" class=\"aligncenter size-full wp-image-9864\" src=\"https:\/\/vsseyring.ac.at\/wp-content\/uploads\/2024\/04\/WhatsApp-Image-2024-04-15-at-15.33.111.jpeg\" alt=\"\" width=\"1638\" height=\"2048\" srcset=\"https:\/\/vsseyring.ac.at\/wp-content\/uploads\/2024\/04\/WhatsApp-Image-2024-04-15-at-15.33.111.jpeg 1638w, https:\/\/vsseyring.ac.at\/wp-content\/uploads\/2024\/04\/WhatsApp-Image-2024-04-15-at-15.33.111-240x300.jpeg 240w, https:\/\/vsseyring.ac.at\/wp-content\/uploads\/2024\/04\/WhatsApp-Image-2024-04-15-at-15.33.111-819x1024.jpeg 819w, https:\/\/vsseyring.ac.at\/wp-content\/uploads\/2024\/04\/WhatsApp-Image-2024-04-15-at-15.33.111-768x960.jpeg 768w, https:\/\/vsseyring.ac.at\/wp-content\/uploads\/2024\/04\/WhatsApp-Image-2024-04-15-at-15.33.111-1229x1536.jpeg 1229w\" sizes=\"auto, (max-width: 1638px) 100vw, 1638px\" \/>&nbsp;<\/span><img loading=\"lazy\" decoding=\"async\" class=\"aligncenter size-full wp-image-9863\" src=\"https:\/\/vsseyring.ac.at\/wp-content\/uploads\/2024\/04\/WhatsApp-Image-2024-04-15-at-15.33.29.jpeg\" alt=\"\" width=\"2048\" height=\"1536\" srcset=\"https:\/\/vsseyring.ac.at\/wp-content\/uploads\/2024\/04\/WhatsApp-Image-2024-04-15-at-15.33.29.jpeg 2048w, https:\/\/vsseyring.ac.at\/wp-content\/uploads\/2024\/04\/WhatsApp-Image-2024-04-15-at-15.33.29-300x225.jpeg 300w, https:\/\/vsseyring.ac.at\/wp-content\/uploads\/2024\/04\/WhatsApp-Image-2024-04-15-at-15.33.29-1024x768.jpeg 1024w, https:\/\/vsseyring.ac.at\/wp-content\/uploads\/2024\/04\/WhatsApp-Image-2024-04-15-at-15.33.29-768x576.jpeg 768w, https:\/\/vsseyring.ac.at\/wp-content\/uploads\/2024\/04\/WhatsApp-Image-2024-04-15-at-15.33.29-1536x1152.jpeg 1536w\" sizes=\"auto, (max-width: 2048px) 100vw, 2048px\" \/><\/p>\n<p><span style=\"font-family: tahoma, arial, helvetica, sans-serif;\">Am letzten Tag vor den Osterferien bekam die 3.Klasse Besuch von ihren Brieffreund*innen aus G\u00e4nserndorf. Nach einer gemeinsamen Suche nach Osternestern, wurde in der Fr\u00fchlingswerkstatt flei\u00dfig gebastelt. Tatkr\u00e4ftige Unterst\u00fctzung erhielten wir durch Eltern und Gro\u00dfeltern beider Partnerklassen.<\/span><\/p>\n<p>&nbsp;<\/p>\n<p><img loading=\"lazy\" decoding=\"async\" class=\"aligncenter size-full wp-image-9858\" src=\"https:\/\/vsseyring.ac.at\/wp-content\/uploads\/2024\/03\/Safer-Internet.jpg\" alt=\"\" width=\"1638\" height=\"2048\" srcset=\"https:\/\/vsseyring.ac.at\/wp-content\/uploads\/2024\/03\/Safer-Internet.jpg 1638w, https:\/\/vsseyring.ac.at\/wp-content\/uploads\/2024\/03\/Safer-Internet-240x300.jpg 240w, https:\/\/vsseyring.ac.at\/wp-content\/uploads\/2024\/03\/Safer-Internet-819x1024.jpg 819w, https:\/\/vsseyring.ac.at\/wp-content\/uploads\/2024\/03\/Safer-Internet-768x960.jpg 768w, https:\/\/vsseyring.ac.at\/wp-content\/uploads\/2024\/03\/Safer-Internet-1229x1536.jpg 1229w\" sizes=\"auto, (max-width: 1638px) 100vw, 1638px\" \/><\/p>\n<p><span style=\"font-family: tahoma, arial, helvetica, sans-serif;\">Die zweite Klasse nahm an dem Workshop &#8222;Safer Internet&#8220; teil. Die Sch\u00fclerInnen lernten den Unterschied zwischen realen Menschen und virtuellen Rollen kennen. Mit selbst gezeichneten Masken konnten sie sich in eine fremde Rolle versetzen und so im Spiel eine andere Figur verk\u00f6rpern. Mit Abnahme der Maske kamen die Sch\u00fclerInnen in der realen Welt an und lernten den wertsch\u00e4tzenden Umgang miteinander und lernten den Einsatz mit einer &#8222;Schutzkugel&#8220;, die den privaten Raum der Sch\u00fclerInnen sch\u00fctzen soll.&nbsp;<\/span><\/p>\n<p>&nbsp;<\/p>\n<p><img loading=\"lazy\" decoding=\"async\" class=\"aligncenter size-full wp-image-9854\" src=\"https:\/\/vsseyring.ac.at\/wp-content\/uploads\/2024\/03\/Fastenzeit.jpg\" alt=\"\" width=\"1638\" height=\"2048\" srcset=\"https:\/\/vsseyring.ac.at\/wp-content\/uploads\/2024\/03\/Fastenzeit.jpg 1638w, https:\/\/vsseyring.ac.at\/wp-content\/uploads\/2024\/03\/Fastenzeit-240x300.jpg 240w, https:\/\/vsseyring.ac.at\/wp-content\/uploads\/2024\/03\/Fastenzeit-819x1024.jpg 819w, https:\/\/vsseyring.ac.at\/wp-content\/uploads\/2024\/03\/Fastenzeit-768x960.jpg 768w, https:\/\/vsseyring.ac.at\/wp-content\/uploads\/2024\/03\/Fastenzeit-1229x1536.jpg 1229w\" sizes=\"auto, (max-width: 1638px) 100vw, 1638px\" \/><\/p>\n<p><img loading=\"lazy\" decoding=\"async\" class=\"aligncenter size-full wp-image-9855\" src=\"https:\/\/vsseyring.ac.at\/wp-content\/uploads\/2024\/03\/Messe.jpg\" alt=\"\" width=\"1638\" height=\"2048\" srcset=\"https:\/\/vsseyring.ac.at\/wp-content\/uploads\/2024\/03\/Messe.jpg 1638w, https:\/\/vsseyring.ac.at\/wp-content\/uploads\/2024\/03\/Messe-240x300.jpg 240w, https:\/\/vsseyring.ac.at\/wp-content\/uploads\/2024\/03\/Messe-819x1024.jpg 819w, https:\/\/vsseyring.ac.at\/wp-content\/uploads\/2024\/03\/Messe-768x960.jpg 768w, https:\/\/vsseyring.ac.at\/wp-content\/uploads\/2024\/03\/Messe-1229x1536.jpg 1229w\" sizes=\"auto, (max-width: 1638px) 100vw, 1638px\" \/><\/p>\n<p><span style=\"font-family: tahoma, arial, helvetica, sans-serif;\">Die Fastenzeit beginnt! Die feierliche Zeit wurde mit einem Wortgottesdienst im Turnsaal er\u00f6ffnet. Alle Sch\u00fclerInnen des r.k. Religionsunterrichts gestalteten die Feier mit und brachten allen Sch\u00fclerInnen das Thema n\u00e4her.&nbsp;<\/span><\/p>\n<p>&nbsp;<\/p>\n<p><img loading=\"lazy\" decoding=\"async\" class=\"aligncenter size-full wp-image-9853\" src=\"https:\/\/vsseyring.ac.at\/wp-content\/uploads\/2024\/03\/Faching.jpg\" alt=\"\" width=\"1638\" height=\"2048\" srcset=\"https:\/\/vsseyring.ac.at\/wp-content\/uploads\/2024\/03\/Faching.jpg 1638w, https:\/\/vsseyring.ac.at\/wp-content\/uploads\/2024\/03\/Faching-240x300.jpg 240w, https:\/\/vsseyring.ac.at\/wp-content\/uploads\/2024\/03\/Faching-819x1024.jpg 819w, https:\/\/vsseyring.ac.at\/wp-content\/uploads\/2024\/03\/Faching-768x960.jpg 768w, https:\/\/vsseyring.ac.at\/wp-content\/uploads\/2024\/03\/Faching-1229x1536.jpg 1229w\" sizes=\"auto, (max-width: 1638px) 100vw, 1638px\" \/><\/p>\n<p><span style=\"font-family: tahoma, arial, helvetica, sans-serif;\">Das Faschingsfest ist f\u00fcr die Sch\u00fclerInnen eine willkommene Abwechslung vom Schulalltag und das Verkleiden macht jede Menge Spa\u00df. Danke an den Elternverein f\u00fcr die flaumigen Krapfen!<\/span><\/p>\n<p>&nbsp;<\/p>\n<p><img loading=\"lazy\" decoding=\"async\" class=\"aligncenter size-full wp-image-9852\" src=\"https:\/\/vsseyring.ac.at\/wp-content\/uploads\/2024\/03\/Bilderbuchkino.jpg\" alt=\"\" width=\"1638\" height=\"2048\" srcset=\"https:\/\/vsseyring.ac.at\/wp-content\/uploads\/2024\/03\/Bilderbuchkino.jpg 1638w, https:\/\/vsseyring.ac.at\/wp-content\/uploads\/2024\/03\/Bilderbuchkino-240x300.jpg 240w, https:\/\/vsseyring.ac.at\/wp-content\/uploads\/2024\/03\/Bilderbuchkino-819x1024.jpg 819w, https:\/\/vsseyring.ac.at\/wp-content\/uploads\/2024\/03\/Bilderbuchkino-768x960.jpg 768w, https:\/\/vsseyring.ac.at\/wp-content\/uploads\/2024\/03\/Bilderbuchkino-1229x1536.jpg 1229w\" sizes=\"auto, (max-width: 1638px) 100vw, 1638px\" \/><\/p>\n<p><span style=\"font-family: tahoma, arial, helvetica, sans-serif;\">Die B\u00fccherrei Seyring lud die 1. und 2.Klasse zu einem Bilderbuchkino ein. Das Bilderbuch &#8222;Tr\u00f6dl trudels Klipp Klapp Traum&#8220; und der anschlie\u00dfende Besuch in der B\u00fccherrei hat den Sch\u00fclerInnen sehr gut gefallen. Danke f\u00fcr die Einladung!&nbsp;<\/span><\/p>\n<p>&nbsp;<\/p>\n<p><img loading=\"lazy\" decoding=\"async\" class=\"aligncenter size-full wp-image-9848\" src=\"https:\/\/vsseyring.ac.at\/wp-content\/uploads\/2024\/02\/WhatsApp-Image-2024-02-06-at-17.33.52.jpeg\" alt=\"\" width=\"1280\" height=\"1600\" srcset=\"https:\/\/vsseyring.ac.at\/wp-content\/uploads\/2024\/02\/WhatsApp-Image-2024-02-06-at-17.33.52.jpeg 1280w, https:\/\/vsseyring.ac.at\/wp-content\/uploads\/2024\/02\/WhatsApp-Image-2024-02-06-at-17.33.52-240x300.jpeg 240w, https:\/\/vsseyring.ac.at\/wp-content\/uploads\/2024\/02\/WhatsApp-Image-2024-02-06-at-17.33.52-819x1024.jpeg 819w, https:\/\/vsseyring.ac.at\/wp-content\/uploads\/2024\/02\/WhatsApp-Image-2024-02-06-at-17.33.52-768x960.jpeg 768w, https:\/\/vsseyring.ac.at\/wp-content\/uploads\/2024\/02\/WhatsApp-Image-2024-02-06-at-17.33.52-1229x1536.jpeg 1229w\" sizes=\"auto, (max-width: 1280px) 100vw, 1280px\" \/><\/p>\n<p><img loading=\"lazy\" decoding=\"async\" class=\"aligncenter size-full wp-image-9849\" src=\"https:\/\/vsseyring.ac.at\/wp-content\/uploads\/2024\/02\/WhatsApp-Image-2024-02-06-at-17.33.51.jpeg\" alt=\"\" width=\"1280\" height=\"1600\" srcset=\"https:\/\/vsseyring.ac.at\/wp-content\/uploads\/2024\/02\/WhatsApp-Image-2024-02-06-at-17.33.51.jpeg 1280w, https:\/\/vsseyring.ac.at\/wp-content\/uploads\/2024\/02\/WhatsApp-Image-2024-02-06-at-17.33.51-240x300.jpeg 240w, https:\/\/vsseyring.ac.at\/wp-content\/uploads\/2024\/02\/WhatsApp-Image-2024-02-06-at-17.33.51-819x1024.jpeg 819w, https:\/\/vsseyring.ac.at\/wp-content\/uploads\/2024\/02\/WhatsApp-Image-2024-02-06-at-17.33.51-768x960.jpeg 768w, https:\/\/vsseyring.ac.at\/wp-content\/uploads\/2024\/02\/WhatsApp-Image-2024-02-06-at-17.33.51-1229x1536.jpeg 1229w\" sizes=\"auto, (max-width: 1280px) 100vw, 1280px\" \/><\/p>\n<p><span style=\"font-family: tahoma, arial, helvetica, sans-serif;\">Einen sonniger Wintertag genossen die 2. und 3.Klasse am Eislaufplatz Matzen. Mit viel Energie und Geschick haben die Sch\u00fclerinnen und Sch\u00fcler ihre F\u00e4higkeiten am Eis weiterentwickelt.&nbsp;<\/span><\/p>\n<p>&nbsp;<\/p>\n<p><img loading=\"lazy\" decoding=\"async\" class=\"aligncenter size-full wp-image-9843\" src=\"https:\/\/vsseyring.ac.at\/wp-content\/uploads\/2024\/01\/WhatsApp-Image-2023-12-31-at-11.56.20.jpeg\" alt=\"\" width=\"1504\" height=\"1128\" srcset=\"https:\/\/vsseyring.ac.at\/wp-content\/uploads\/2024\/01\/WhatsApp-Image-2023-12-31-at-11.56.20.jpeg 1504w, https:\/\/vsseyring.ac.at\/wp-content\/uploads\/2024\/01\/WhatsApp-Image-2023-12-31-at-11.56.20-300x225.jpeg 300w, https:\/\/vsseyring.ac.at\/wp-content\/uploads\/2024\/01\/WhatsApp-Image-2023-12-31-at-11.56.20-1024x768.jpeg 1024w, https:\/\/vsseyring.ac.at\/wp-content\/uploads\/2024\/01\/WhatsApp-Image-2023-12-31-at-11.56.20-768x576.jpeg 768w\" sizes=\"auto, (max-width: 1504px) 100vw, 1504px\" \/><\/p>\n<p><img loading=\"lazy\" decoding=\"async\" class=\"aligncenter size-full wp-image-9844\" src=\"https:\/\/vsseyring.ac.at\/wp-content\/uploads\/2024\/01\/WhatsApp-Image-2023-12-31-at-11.56.07.jpeg\" alt=\"\" width=\"1638\" height=\"2048\" srcset=\"https:\/\/vsseyring.ac.at\/wp-content\/uploads\/2024\/01\/WhatsApp-Image-2023-12-31-at-11.56.07.jpeg 1638w, https:\/\/vsseyring.ac.at\/wp-content\/uploads\/2024\/01\/WhatsApp-Image-2023-12-31-at-11.56.07-240x300.jpeg 240w, https:\/\/vsseyring.ac.at\/wp-content\/uploads\/2024\/01\/WhatsApp-Image-2023-12-31-at-11.56.07-819x1024.jpeg 819w, https:\/\/vsseyring.ac.at\/wp-content\/uploads\/2024\/01\/WhatsApp-Image-2023-12-31-at-11.56.07-768x960.jpeg 768w, https:\/\/vsseyring.ac.at\/wp-content\/uploads\/2024\/01\/WhatsApp-Image-2023-12-31-at-11.56.07-1229x1536.jpeg 1229w\" sizes=\"auto, (max-width: 1638px) 100vw, 1638px\" \/><\/p>\n<p><span style=\"font-family: tahoma, arial, helvetica, sans-serif;\">Am 21.12.2023 besuchte die zweite Klasse die Behindertenhilfe &#8222;Geh mit uns&#8220; in Kapellerfeld. Nach einem gem\u00fctlichen, weihnachtlichen Kennenlernen gestalteten die Kinder Kerzen und Weihnachtskarten.&nbsp;<\/span><\/p>\n<p>&nbsp;<\/p>\n<p><img loading=\"lazy\" decoding=\"async\" class=\"aligncenter size-full wp-image-9845\" src=\"https:\/\/vsseyring.ac.at\/wp-content\/uploads\/2024\/01\/WhatsApp-Image-2023-12-31-at-11.53.51.jpeg\" alt=\"\" width=\"2048\" height=\"1536\" srcset=\"https:\/\/vsseyring.ac.at\/wp-content\/uploads\/2024\/01\/WhatsApp-Image-2023-12-31-at-11.53.51.jpeg 2048w, https:\/\/vsseyring.ac.at\/wp-content\/uploads\/2024\/01\/WhatsApp-Image-2023-12-31-at-11.53.51-300x225.jpeg 300w, https:\/\/vsseyring.ac.at\/wp-content\/uploads\/2024\/01\/WhatsApp-Image-2023-12-31-at-11.53.51-1024x768.jpeg 1024w, https:\/\/vsseyring.ac.at\/wp-content\/uploads\/2024\/01\/WhatsApp-Image-2023-12-31-at-11.53.51-768x576.jpeg 768w, https:\/\/vsseyring.ac.at\/wp-content\/uploads\/2024\/01\/WhatsApp-Image-2023-12-31-at-11.53.51-1536x1152.jpeg 1536w\" sizes=\"auto, (max-width: 2048px) 100vw, 2048px\" \/><\/p>\n<p><span style=\"font-family: tahoma, arial, helvetica, sans-serif;\">&#8222;Oh Tannenbaum&#8220;, das weihnachtliche Mitmachmusical fand bei uns kurz vor Weihnachten im Turnsaal statt. Gemeinsam wurde gesungen und getanzt.&nbsp;<\/span><\/p>\n<p>&nbsp;<\/p>\n<p><img loading=\"lazy\" decoding=\"async\" class=\"aligncenter size-full wp-image-9831\" src=\"https:\/\/vsseyring.ac.at\/wp-content\/uploads\/2023\/12\/WhatsApp-Image-2023-12-15-at-17.26.07.jpeg\" alt=\"\" width=\"1600\" height=\"1200\" srcset=\"https:\/\/vsseyring.ac.at\/wp-content\/uploads\/2023\/12\/WhatsApp-Image-2023-12-15-at-17.26.07.jpeg 1600w, https:\/\/vsseyring.ac.at\/wp-content\/uploads\/2023\/12\/WhatsApp-Image-2023-12-15-at-17.26.07-300x225.jpeg 300w, https:\/\/vsseyring.ac.at\/wp-content\/uploads\/2023\/12\/WhatsApp-Image-2023-12-15-at-17.26.07-1024x768.jpeg 1024w, https:\/\/vsseyring.ac.at\/wp-content\/uploads\/2023\/12\/WhatsApp-Image-2023-12-15-at-17.26.07-768x576.jpeg 768w, https:\/\/vsseyring.ac.at\/wp-content\/uploads\/2023\/12\/WhatsApp-Image-2023-12-15-at-17.26.07-1536x1152.jpeg 1536w\" sizes=\"auto, (max-width: 1600px) 100vw, 1600px\" \/><\/p>\n<p><img loading=\"lazy\" decoding=\"async\" class=\"aligncenter size-full wp-image-9832\" src=\"https:\/\/vsseyring.ac.at\/wp-content\/uploads\/2023\/12\/WhatsApp-Image-2023-12-15-at-17.35.50.jpeg\" alt=\"\" width=\"1280\" height=\"1600\" srcset=\"https:\/\/vsseyring.ac.at\/wp-content\/uploads\/2023\/12\/WhatsApp-Image-2023-12-15-at-17.35.50.jpeg 1280w, https:\/\/vsseyring.ac.at\/wp-content\/uploads\/2023\/12\/WhatsApp-Image-2023-12-15-at-17.35.50-240x300.jpeg 240w, https:\/\/vsseyring.ac.at\/wp-content\/uploads\/2023\/12\/WhatsApp-Image-2023-12-15-at-17.35.50-819x1024.jpeg 819w, https:\/\/vsseyring.ac.at\/wp-content\/uploads\/2023\/12\/WhatsApp-Image-2023-12-15-at-17.35.50-768x960.jpeg 768w, https:\/\/vsseyring.ac.at\/wp-content\/uploads\/2023\/12\/WhatsApp-Image-2023-12-15-at-17.35.50-1229x1536.jpeg 1229w\" sizes=\"auto, (max-width: 1280px) 100vw, 1280px\" \/><\/p>\n<p><span style=\"font-family: tahoma, arial, helvetica, sans-serif;\">Hr. B\u00fcrgermeister Vojta machte bei seiner Abschiedstour auch bei ins in der Volksschule halt. Die Sch\u00fclerinnen und Sch\u00fcler pr\u00e4sentierten zwei Lieder und \u00fcberreichten ihm ein kleines Abschiedsgeschenk. Wir bedanken uns f\u00fcr die jahrelange Unterst\u00fctzung!&nbsp;<\/span><\/p>\n<p>&nbsp;<\/p>\n<p><img loading=\"lazy\" decoding=\"async\" class=\"aligncenter size-full wp-image-9835\" src=\"https:\/\/vsseyring.ac.at\/wp-content\/uploads\/2023\/12\/WhatsApp-Image-2023-12-15-at-17.54.55.jpeg\" alt=\"\" width=\"1200\" height=\"1600\" srcset=\"https:\/\/vsseyring.ac.at\/wp-content\/uploads\/2023\/12\/WhatsApp-Image-2023-12-15-at-17.54.55.jpeg 1200w, https:\/\/vsseyring.ac.at\/wp-content\/uploads\/2023\/12\/WhatsApp-Image-2023-12-15-at-17.54.55-225x300.jpeg 225w, https:\/\/vsseyring.ac.at\/wp-content\/uploads\/2023\/12\/WhatsApp-Image-2023-12-15-at-17.54.55-768x1024.jpeg 768w, https:\/\/vsseyring.ac.at\/wp-content\/uploads\/2023\/12\/WhatsApp-Image-2023-12-15-at-17.54.55-1152x1536.jpeg 1152w\" sizes=\"auto, (max-width: 1200px) 100vw, 1200px\" \/><\/p>\n<p><img loading=\"lazy\" decoding=\"async\" class=\"aligncenter size-full wp-image-9836\" src=\"https:\/\/vsseyring.ac.at\/wp-content\/uploads\/2023\/12\/WhatsApp-Image-2023-12-15-at-17.59.57.jpeg\" alt=\"\" width=\"1280\" height=\"1600\" srcset=\"https:\/\/vsseyring.ac.at\/wp-content\/uploads\/2023\/12\/WhatsApp-Image-2023-12-15-at-17.59.57.jpeg 1280w, https:\/\/vsseyring.ac.at\/wp-content\/uploads\/2023\/12\/WhatsApp-Image-2023-12-15-at-17.59.57-240x300.jpeg 240w, https:\/\/vsseyring.ac.at\/wp-content\/uploads\/2023\/12\/WhatsApp-Image-2023-12-15-at-17.59.57-819x1024.jpeg 819w, https:\/\/vsseyring.ac.at\/wp-content\/uploads\/2023\/12\/WhatsApp-Image-2023-12-15-at-17.59.57-768x960.jpeg 768w, https:\/\/vsseyring.ac.at\/wp-content\/uploads\/2023\/12\/WhatsApp-Image-2023-12-15-at-17.59.57-1229x1536.jpeg 1229w\" sizes=\"auto, (max-width: 1280px) 100vw, 1280px\" \/><\/p>\n<p><span style=\"font-family: tahoma, arial, helvetica, sans-serif;\">Die zweite Klasse besuchte am 12.12.23 die Ausstellung &#8222;Monet bis Picasso&#8220; in der Albertina. Nach der spannenden F\u00fchrung durften die Sch\u00fclerinnen und Sch\u00fcler in einem Workshop ein eigenes expressionistisches Portrait entwerfen.&nbsp;<\/span><\/p>\n<p>&nbsp;<\/p>\n<p><img loading=\"lazy\" decoding=\"async\" class=\"aligncenter size-full wp-image-9830\" src=\"https:\/\/vsseyring.ac.at\/wp-content\/uploads\/2023\/12\/WhatsApp-Image-2023-12-15-at-17.19.15.jpeg\" alt=\"\" width=\"1320\" height=\"1600\" srcset=\"https:\/\/vsseyring.ac.at\/wp-content\/uploads\/2023\/12\/WhatsApp-Image-2023-12-15-at-17.19.15.jpeg 1320w, https:\/\/vsseyring.ac.at\/wp-content\/uploads\/2023\/12\/WhatsApp-Image-2023-12-15-at-17.19.15-248x300.jpeg 248w, https:\/\/vsseyring.ac.at\/wp-content\/uploads\/2023\/12\/WhatsApp-Image-2023-12-15-at-17.19.15-845x1024.jpeg 845w, https:\/\/vsseyring.ac.at\/wp-content\/uploads\/2023\/12\/WhatsApp-Image-2023-12-15-at-17.19.15-768x931.jpeg 768w, https:\/\/vsseyring.ac.at\/wp-content\/uploads\/2023\/12\/WhatsApp-Image-2023-12-15-at-17.19.15-1267x1536.jpeg 1267w\" sizes=\"auto, (max-width: 1320px) 100vw, 1320px\" \/><\/p>\n<p><span style=\"font-family: tahoma, arial, helvetica, sans-serif;\"><img loading=\"lazy\" decoding=\"async\" class=\"aligncenter size-full wp-image-9829\" src=\"https:\/\/vsseyring.ac.at\/wp-content\/uploads\/2023\/12\/WhatsApp-Image-2023-12-15-at-17.23.49.jpeg\" alt=\"\" width=\"1280\" height=\"1600\" srcset=\"https:\/\/vsseyring.ac.at\/wp-content\/uploads\/2023\/12\/WhatsApp-Image-2023-12-15-at-17.23.49.jpeg 1280w, https:\/\/vsseyring.ac.at\/wp-content\/uploads\/2023\/12\/WhatsApp-Image-2023-12-15-at-17.23.49-240x300.jpeg 240w, https:\/\/vsseyring.ac.at\/wp-content\/uploads\/2023\/12\/WhatsApp-Image-2023-12-15-at-17.23.49-819x1024.jpeg 819w, https:\/\/vsseyring.ac.at\/wp-content\/uploads\/2023\/12\/WhatsApp-Image-2023-12-15-at-17.23.49-768x960.jpeg 768w, https:\/\/vsseyring.ac.at\/wp-content\/uploads\/2023\/12\/WhatsApp-Image-2023-12-15-at-17.23.49-1229x1536.jpeg 1229w\" sizes=\"auto, (max-width: 1280px) 100vw, 1280px\" \/>Das diesj\u00e4hrige Adventfenster gestaltete die 2.Klasse. Die bunte Winterlandschaft mit selbstaufgef\u00e4delten Schneeflockenketten l\u00e4sst den Eingangsbereich strahlen und begeistert die Spazierg\u00e4nger.<\/span><\/p>\n<p>&nbsp;<\/p>\n<p><img loading=\"lazy\" decoding=\"async\" class=\"aligncenter size-full wp-image-9826\" src=\"https:\/\/vsseyring.ac.at\/wp-content\/uploads\/2023\/12\/WhatsApp-Image-2023-12-15-at-16.29.31.jpeg\" alt=\"\" width=\"1638\" height=\"2048\" srcset=\"https:\/\/vsseyring.ac.at\/wp-content\/uploads\/2023\/12\/WhatsApp-Image-2023-12-15-at-16.29.31.jpeg 1638w, https:\/\/vsseyring.ac.at\/wp-content\/uploads\/2023\/12\/WhatsApp-Image-2023-12-15-at-16.29.31-240x300.jpeg 240w, https:\/\/vsseyring.ac.at\/wp-content\/uploads\/2023\/12\/WhatsApp-Image-2023-12-15-at-16.29.31-819x1024.jpeg 819w, https:\/\/vsseyring.ac.at\/wp-content\/uploads\/2023\/12\/WhatsApp-Image-2023-12-15-at-16.29.31-768x960.jpeg 768w, https:\/\/vsseyring.ac.at\/wp-content\/uploads\/2023\/12\/WhatsApp-Image-2023-12-15-at-16.29.31-1229x1536.jpeg 1229w\" sizes=\"auto, (max-width: 1638px) 100vw, 1638px\" \/><\/p>\n<p><span style=\"font-family: tahoma, arial, helvetica, sans-serif;\">Die erste Klasse hatte sehr viel Spa\u00df bei ihrer Weihnachtsb\u00e4ckerei. Im Anschluss daran lie\u00dfen wir uns die Kekse nat\u00fcrlich auch schmecken!<\/span><\/p>\n<p>&nbsp;<\/p>\n<p><img loading=\"lazy\" decoding=\"async\" class=\"aligncenter size-full wp-image-9825\" src=\"https:\/\/vsseyring.ac.at\/wp-content\/uploads\/2023\/12\/WhatsApp-Image-2023-12-15-at-16.29.31-1.jpeg\" alt=\"\" width=\"1638\" height=\"2048\" srcset=\"https:\/\/vsseyring.ac.at\/wp-content\/uploads\/2023\/12\/WhatsApp-Image-2023-12-15-at-16.29.31-1.jpeg 1638w, https:\/\/vsseyring.ac.at\/wp-content\/uploads\/2023\/12\/WhatsApp-Image-2023-12-15-at-16.29.31-1-240x300.jpeg 240w, https:\/\/vsseyring.ac.at\/wp-content\/uploads\/2023\/12\/WhatsApp-Image-2023-12-15-at-16.29.31-1-819x1024.jpeg 819w, https:\/\/vsseyring.ac.at\/wp-content\/uploads\/2023\/12\/WhatsApp-Image-2023-12-15-at-16.29.31-1-768x960.jpeg 768w, https:\/\/vsseyring.ac.at\/wp-content\/uploads\/2023\/12\/WhatsApp-Image-2023-12-15-at-16.29.31-1-1229x1536.jpeg 1229w\" sizes=\"auto, (max-width: 1638px) 100vw, 1638px\" \/><\/p>\n<p><span style=\"font-family: tahoma, arial, helvetica, sans-serif;\">Voller Stolz pr\u00e4sentieren die Sch\u00fclerinnen und Sch\u00fcler der 2.Klasse ihr erstes selbstgebautes Holzwerkst\u00fcck. Der Zusammenbau des Lastwagens erforderte genaues Messen, S\u00e4gen, Feilen und Kleben.&nbsp;<\/span><\/p>\n<p>&nbsp;<\/p>\n<p><img loading=\"lazy\" decoding=\"async\" class=\"aligncenter size-full wp-image-9824\" src=\"https:\/\/vsseyring.ac.at\/wp-content\/uploads\/2023\/12\/WhatsApp-Image-2023-12-15-at-16.29.30.jpeg\" alt=\"\" width=\"1638\" height=\"2048\" srcset=\"https:\/\/vsseyring.ac.at\/wp-content\/uploads\/2023\/12\/WhatsApp-Image-2023-12-15-at-16.29.30.jpeg 1638w, https:\/\/vsseyring.ac.at\/wp-content\/uploads\/2023\/12\/WhatsApp-Image-2023-12-15-at-16.29.30-240x300.jpeg 240w, https:\/\/vsseyring.ac.at\/wp-content\/uploads\/2023\/12\/WhatsApp-Image-2023-12-15-at-16.29.30-819x1024.jpeg 819w, https:\/\/vsseyring.ac.at\/wp-content\/uploads\/2023\/12\/WhatsApp-Image-2023-12-15-at-16.29.30-768x960.jpeg 768w, https:\/\/vsseyring.ac.at\/wp-content\/uploads\/2023\/12\/WhatsApp-Image-2023-12-15-at-16.29.30-1229x1536.jpeg 1229w\" sizes=\"auto, (max-width: 1638px) 100vw, 1638px\" \/><\/p>\n<p><span style=\"font-family: tahoma, arial, helvetica, sans-serif;\">Es schneit! Den ersten Schnee nutzten die zweite und dritte Klasse f\u00fcr Turnstunden im Freien. Schneem\u00e4nner, Schneeballschlachten, Schneeengel und ein Schneepool entstanden in den wenigen Tagen. <\/span><\/p>\n<p>&nbsp;<\/p>\n<p><img loading=\"lazy\" decoding=\"async\" class=\"aligncenter size-full wp-image-9822\" src=\"https:\/\/vsseyring.ac.at\/wp-content\/uploads\/2023\/12\/WhatsApp-Image-2023-12-15-at-16.29.30-1.jpeg\" alt=\"\" width=\"1638\" height=\"2048\" srcset=\"https:\/\/vsseyring.ac.at\/wp-content\/uploads\/2023\/12\/WhatsApp-Image-2023-12-15-at-16.29.30-1.jpeg 1638w, https:\/\/vsseyring.ac.at\/wp-content\/uploads\/2023\/12\/WhatsApp-Image-2023-12-15-at-16.29.30-1-240x300.jpeg 240w, https:\/\/vsseyring.ac.at\/wp-content\/uploads\/2023\/12\/WhatsApp-Image-2023-12-15-at-16.29.30-1-819x1024.jpeg 819w, https:\/\/vsseyring.ac.at\/wp-content\/uploads\/2023\/12\/WhatsApp-Image-2023-12-15-at-16.29.30-1-768x960.jpeg 768w, https:\/\/vsseyring.ac.at\/wp-content\/uploads\/2023\/12\/WhatsApp-Image-2023-12-15-at-16.29.30-1-1229x1536.jpeg 1229w\" sizes=\"auto, (max-width: 1638px) 100vw, 1638px\" \/><\/p>\n<p><span style=\"font-family: tahoma, arial, helvetica, sans-serif;\">Am 6. Dezember \u00fcberraschte der Nikolaus die 2.Klasse mit einer Leser\u00e4tselspur im Turnsaal.<\/span><\/p>\n<p>&nbsp;<\/p>\n<p><img loading=\"lazy\" decoding=\"async\" class=\"aligncenter size-full wp-image-9823\" src=\"https:\/\/vsseyring.ac.at\/wp-content\/uploads\/2023\/12\/WhatsApp-Image-2023-12-15-at-16.29.30-2.jpeg\" alt=\"\" width=\"1638\" height=\"2048\" srcset=\"https:\/\/vsseyring.ac.at\/wp-content\/uploads\/2023\/12\/WhatsApp-Image-2023-12-15-at-16.29.30-2.jpeg 1638w, https:\/\/vsseyring.ac.at\/wp-content\/uploads\/2023\/12\/WhatsApp-Image-2023-12-15-at-16.29.30-2-240x300.jpeg 240w, https:\/\/vsseyring.ac.at\/wp-content\/uploads\/2023\/12\/WhatsApp-Image-2023-12-15-at-16.29.30-2-819x1024.jpeg 819w, https:\/\/vsseyring.ac.at\/wp-content\/uploads\/2023\/12\/WhatsApp-Image-2023-12-15-at-16.29.30-2-768x960.jpeg 768w, https:\/\/vsseyring.ac.at\/wp-content\/uploads\/2023\/12\/WhatsApp-Image-2023-12-15-at-16.29.30-2-1229x1536.jpeg 1229w\" sizes=\"auto, (max-width: 1638px) 100vw, 1638px\" \/><\/p>\n<p><span style=\"font-family: tahoma, arial, helvetica, sans-serif;\">Der gelungene Abschluss einen Sachunterrichtthemas der 3.Klasse war der Besuch eines Igels. Mit Neugierde und Vorsicht machten die Sch\u00fcler und Sch\u00fclerinnen Bekanntschaft mit dem stacheligen Wesen.&nbsp;<\/span><\/p>\n<p>&nbsp;<\/p>\n<p><img loading=\"lazy\" decoding=\"async\" class=\"aligncenter size-full wp-image-9817\" src=\"https:\/\/vsseyring.ac.at\/wp-content\/uploads\/2023\/11\/WhatsApp-Image-2023-11-25-at-20.18.22.jpeg\" alt=\"\" width=\"1638\" height=\"2048\" srcset=\"https:\/\/vsseyring.ac.at\/wp-content\/uploads\/2023\/11\/WhatsApp-Image-2023-11-25-at-20.18.22.jpeg 1638w, https:\/\/vsseyring.ac.at\/wp-content\/uploads\/2023\/11\/WhatsApp-Image-2023-11-25-at-20.18.22-240x300.jpeg 240w, https:\/\/vsseyring.ac.at\/wp-content\/uploads\/2023\/11\/WhatsApp-Image-2023-11-25-at-20.18.22-819x1024.jpeg 819w, https:\/\/vsseyring.ac.at\/wp-content\/uploads\/2023\/11\/WhatsApp-Image-2023-11-25-at-20.18.22-768x960.jpeg 768w, https:\/\/vsseyring.ac.at\/wp-content\/uploads\/2023\/11\/WhatsApp-Image-2023-11-25-at-20.18.22-1229x1536.jpeg 1229w\" sizes=\"auto, (max-width: 1638px) 100vw, 1638px\" \/><\/p>\n<p><span style=\"font-family: tahoma, arial, helvetica, sans-serif;\">Die j\u00e4hrliche vorweihnachtliche Buchausstellung wird gerne von allen Klassen besucht. Die Sch\u00fcler und Sch\u00fclerinnen entdeckten neue Geschichten schm\u00f6kertern und lasen voller Freude!<\/span><\/p>\n<p>&nbsp;<\/p>\n<p><img loading=\"lazy\" decoding=\"async\" class=\"aligncenter size-full wp-image-9813\" src=\"https:\/\/vsseyring.ac.at\/wp-content\/uploads\/2023\/11\/WhatsApp-Image-2023-11-10-at-16.24.03.jpeg\" alt=\"\" width=\"2000\" height=\"1500\" srcset=\"https:\/\/vsseyring.ac.at\/wp-content\/uploads\/2023\/11\/WhatsApp-Image-2023-11-10-at-16.24.03.jpeg 2000w, https:\/\/vsseyring.ac.at\/wp-content\/uploads\/2023\/11\/WhatsApp-Image-2023-11-10-at-16.24.03-300x225.jpeg 300w, https:\/\/vsseyring.ac.at\/wp-content\/uploads\/2023\/11\/WhatsApp-Image-2023-11-10-at-16.24.03-1024x768.jpeg 1024w, https:\/\/vsseyring.ac.at\/wp-content\/uploads\/2023\/11\/WhatsApp-Image-2023-11-10-at-16.24.03-768x576.jpeg 768w, https:\/\/vsseyring.ac.at\/wp-content\/uploads\/2023\/11\/WhatsApp-Image-2023-11-10-at-16.24.03-1536x1152.jpeg 1536w\" sizes=\"auto, (max-width: 2000px) 100vw, 2000px\" \/><\/p>\n<p><img loading=\"lazy\" decoding=\"async\" class=\"aligncenter size-full wp-image-9814\" src=\"https:\/\/vsseyring.ac.at\/wp-content\/uploads\/2023\/11\/WhatsApp-Image-2023-11-10-at-16.24.02.jpeg\" alt=\"\" width=\"1638\" height=\"2048\" srcset=\"https:\/\/vsseyring.ac.at\/wp-content\/uploads\/2023\/11\/WhatsApp-Image-2023-11-10-at-16.24.02.jpeg 1638w, https:\/\/vsseyring.ac.at\/wp-content\/uploads\/2023\/11\/WhatsApp-Image-2023-11-10-at-16.24.02-240x300.jpeg 240w, https:\/\/vsseyring.ac.at\/wp-content\/uploads\/2023\/11\/WhatsApp-Image-2023-11-10-at-16.24.02-819x1024.jpeg 819w, https:\/\/vsseyring.ac.at\/wp-content\/uploads\/2023\/11\/WhatsApp-Image-2023-11-10-at-16.24.02-768x960.jpeg 768w, https:\/\/vsseyring.ac.at\/wp-content\/uploads\/2023\/11\/WhatsApp-Image-2023-11-10-at-16.24.02-1229x1536.jpeg 1229w\" sizes=\"auto, (max-width: 1638px) 100vw, 1638px\" \/><\/p>\n<p><span style=\"font-family: tahoma, arial, helvetica, sans-serif;\">Die 4. Klasse fuhr am Di. 7. November nach St. P\u00f6lten. Wir sahen uns den Klangturm an und das Regierungsviertel. Nach dem Mittagessen , erfuhren wir gest\u00e4rkt viel \u00fcber die Innenstadt. Wir hatten viel Spa\u00df.<\/span><\/p>\n<p>&nbsp;<\/p>\n<p><img loading=\"lazy\" decoding=\"async\" class=\"aligncenter size-full wp-image-9777\" src=\"https:\/\/vsseyring.ac.at\/wp-content\/uploads\/2023\/10\/WhatsApp-Image-2023-10-20-at-13.54.19.jpeg\" alt=\"\" width=\"2000\" height=\"1500\" srcset=\"https:\/\/vsseyring.ac.at\/wp-content\/uploads\/2023\/10\/WhatsApp-Image-2023-10-20-at-13.54.19.jpeg 2000w, https:\/\/vsseyring.ac.at\/wp-content\/uploads\/2023\/10\/WhatsApp-Image-2023-10-20-at-13.54.19-300x225.jpeg 300w, https:\/\/vsseyring.ac.at\/wp-content\/uploads\/2023\/10\/WhatsApp-Image-2023-10-20-at-13.54.19-1024x768.jpeg 1024w, https:\/\/vsseyring.ac.at\/wp-content\/uploads\/2023\/10\/WhatsApp-Image-2023-10-20-at-13.54.19-768x576.jpeg 768w, https:\/\/vsseyring.ac.at\/wp-content\/uploads\/2023\/10\/WhatsApp-Image-2023-10-20-at-13.54.19-1536x1152.jpeg 1536w\" sizes=\"auto, (max-width: 2000px) 100vw, 2000px\" \/><\/p>\n<p><img loading=\"lazy\" decoding=\"async\" class=\"aligncenter size-full wp-image-9779\" src=\"https:\/\/vsseyring.ac.at\/wp-content\/uploads\/2023\/10\/WhatsApp-Image-2023-10-20-at-13.52.54.jpeg\" alt=\"\" width=\"1638\" height=\"2048\" srcset=\"https:\/\/vsseyring.ac.at\/wp-content\/uploads\/2023\/10\/WhatsApp-Image-2023-10-20-at-13.52.54.jpeg 1638w, https:\/\/vsseyring.ac.at\/wp-content\/uploads\/2023\/10\/WhatsApp-Image-2023-10-20-at-13.52.54-240x300.jpeg 240w, https:\/\/vsseyring.ac.at\/wp-content\/uploads\/2023\/10\/WhatsApp-Image-2023-10-20-at-13.52.54-819x1024.jpeg 819w, https:\/\/vsseyring.ac.at\/wp-content\/uploads\/2023\/10\/WhatsApp-Image-2023-10-20-at-13.52.54-768x960.jpeg 768w, https:\/\/vsseyring.ac.at\/wp-content\/uploads\/2023\/10\/WhatsApp-Image-2023-10-20-at-13.52.54-1229x1536.jpeg 1229w\" sizes=\"auto, (max-width: 1638px) 100vw, 1638px\" \/><\/p>\n<p><img loading=\"lazy\" decoding=\"async\" class=\"aligncenter size-full wp-image-9778\" src=\"https:\/\/vsseyring.ac.at\/wp-content\/uploads\/2023\/10\/WhatsApp-Image-2023-10-20-at-13.52.541.jpeg\" alt=\"\" width=\"1638\" height=\"2048\" srcset=\"https:\/\/vsseyring.ac.at\/wp-content\/uploads\/2023\/10\/WhatsApp-Image-2023-10-20-at-13.52.541.jpeg 1638w, https:\/\/vsseyring.ac.at\/wp-content\/uploads\/2023\/10\/WhatsApp-Image-2023-10-20-at-13.52.541-240x300.jpeg 240w, https:\/\/vsseyring.ac.at\/wp-content\/uploads\/2023\/10\/WhatsApp-Image-2023-10-20-at-13.52.541-819x1024.jpeg 819w, https:\/\/vsseyring.ac.at\/wp-content\/uploads\/2023\/10\/WhatsApp-Image-2023-10-20-at-13.52.541-768x960.jpeg 768w, https:\/\/vsseyring.ac.at\/wp-content\/uploads\/2023\/10\/WhatsApp-Image-2023-10-20-at-13.52.541-1229x1536.jpeg 1229w\" sizes=\"auto, (max-width: 1638px) 100vw, 1638px\" \/><\/p>\n<p><span style=\"font-family: tahoma, arial, helvetica, sans-serif;\">Am 18.10 besuchte Weihbischof Stephan Turnovszky unsere Schule. Unter der Leitung unserer Religionslehrerin Erna Rittsteuer pr\u00e4sentierten die Kinder Geschichten und Lieder aus dem Leben des Franz von Assisi. Die Kinder meisterten ihre Auftritte hervorragend und Weihbischof Turnovszky zeigte sich davon begeistert.<\/span><\/p>\n<p>&nbsp;<\/p>\n<p><img loading=\"lazy\" decoding=\"async\" class=\"aligncenter size-full wp-image-9770\" src=\"https:\/\/vsseyring.ac.at\/wp-content\/uploads\/2023\/10\/WhatsApp-Image-2023-10-02-at-08.48.132.jpeg\" alt=\"\" width=\"1600\" height=\"1200\" srcset=\"https:\/\/vsseyring.ac.at\/wp-content\/uploads\/2023\/10\/WhatsApp-Image-2023-10-02-at-08.48.132.jpeg 1600w, https:\/\/vsseyring.ac.at\/wp-content\/uploads\/2023\/10\/WhatsApp-Image-2023-10-02-at-08.48.132-300x225.jpeg 300w, https:\/\/vsseyring.ac.at\/wp-content\/uploads\/2023\/10\/WhatsApp-Image-2023-10-02-at-08.48.132-1024x768.jpeg 1024w, https:\/\/vsseyring.ac.at\/wp-content\/uploads\/2023\/10\/WhatsApp-Image-2023-10-02-at-08.48.132-768x576.jpeg 768w, https:\/\/vsseyring.ac.at\/wp-content\/uploads\/2023\/10\/WhatsApp-Image-2023-10-02-at-08.48.132-1536x1152.jpeg 1536w\" sizes=\"auto, (max-width: 1600px) 100vw, 1600px\" \/><\/p>\n<p><span style=\"font-family: tahoma, arial, helvetica, sans-serif;\">Die 4. Klasse besch\u00e4ftigte sich mit den Kontinenten und hat in Zuge dessen einen Globus gestaltet.<\/span><\/p>\n<p>&nbsp;<\/p>\n<p><img loading=\"lazy\" decoding=\"async\" class=\"aligncenter size-full wp-image-9768\" src=\"https:\/\/vsseyring.ac.at\/wp-content\/uploads\/2023\/10\/WhatsApp-Image-2023-10-02-at-08.48.13.jpeg\" alt=\"\" width=\"1638\" height=\"2048\" srcset=\"https:\/\/vsseyring.ac.at\/wp-content\/uploads\/2023\/10\/WhatsApp-Image-2023-10-02-at-08.48.13.jpeg 1638w, https:\/\/vsseyring.ac.at\/wp-content\/uploads\/2023\/10\/WhatsApp-Image-2023-10-02-at-08.48.13-240x300.jpeg 240w, https:\/\/vsseyring.ac.at\/wp-content\/uploads\/2023\/10\/WhatsApp-Image-2023-10-02-at-08.48.13-819x1024.jpeg 819w, https:\/\/vsseyring.ac.at\/wp-content\/uploads\/2023\/10\/WhatsApp-Image-2023-10-02-at-08.48.13-768x960.jpeg 768w, https:\/\/vsseyring.ac.at\/wp-content\/uploads\/2023\/10\/WhatsApp-Image-2023-10-02-at-08.48.13-1229x1536.jpeg 1229w\" sizes=\"auto, (max-width: 1638px) 100vw, 1638px\" \/><\/p>\n<p><img loading=\"lazy\" decoding=\"async\" class=\"aligncenter size-full wp-image-9773\" src=\"https:\/\/vsseyring.ac.at\/wp-content\/uploads\/2023\/10\/WhatsApp-Image-2023-10-02-at-09.21.59.jpeg\" alt=\"\" width=\"1638\" height=\"2048\" srcset=\"https:\/\/vsseyring.ac.at\/wp-content\/uploads\/2023\/10\/WhatsApp-Image-2023-10-02-at-09.21.59.jpeg 1638w, https:\/\/vsseyring.ac.at\/wp-content\/uploads\/2023\/10\/WhatsApp-Image-2023-10-02-at-09.21.59-240x300.jpeg 240w, https:\/\/vsseyring.ac.at\/wp-content\/uploads\/2023\/10\/WhatsApp-Image-2023-10-02-at-09.21.59-819x1024.jpeg 819w, https:\/\/vsseyring.ac.at\/wp-content\/uploads\/2023\/10\/WhatsApp-Image-2023-10-02-at-09.21.59-768x960.jpeg 768w, https:\/\/vsseyring.ac.at\/wp-content\/uploads\/2023\/10\/WhatsApp-Image-2023-10-02-at-09.21.59-1229x1536.jpeg 1229w\" sizes=\"auto, (max-width: 1638px) 100vw, 1638px\" \/><\/p>\n<p><span style=\"font-family: tahoma, arial, helvetica, sans-serif;\">Bereits in der 3.Schulwoche fuhren alle Klassen gemeinsam in den Motorikpark. Sch\u00f6nes Wetter, abwechslungsreiche Bewegungsangebote und viel Zeit rundeten den Tag ab. <\/span><\/p>\n<p>&nbsp;<\/p>\n<p><img loading=\"lazy\" decoding=\"async\" class=\"aligncenter size-full wp-image-9769\" src=\"https:\/\/vsseyring.ac.at\/wp-content\/uploads\/2023\/10\/WhatsApp-Image-2023-10-02-at-08.48.131.jpeg\" alt=\"\" width=\"1638\" height=\"2048\" srcset=\"https:\/\/vsseyring.ac.at\/wp-content\/uploads\/2023\/10\/WhatsApp-Image-2023-10-02-at-08.48.131.jpeg 1638w, https:\/\/vsseyring.ac.at\/wp-content\/uploads\/2023\/10\/WhatsApp-Image-2023-10-02-at-08.48.131-240x300.jpeg 240w, https:\/\/vsseyring.ac.at\/wp-content\/uploads\/2023\/10\/WhatsApp-Image-2023-10-02-at-08.48.131-819x1024.jpeg 819w, https:\/\/vsseyring.ac.at\/wp-content\/uploads\/2023\/10\/WhatsApp-Image-2023-10-02-at-08.48.131-768x960.jpeg 768w, https:\/\/vsseyring.ac.at\/wp-content\/uploads\/2023\/10\/WhatsApp-Image-2023-10-02-at-08.48.131-1229x1536.jpeg 1229w\" sizes=\"auto, (max-width: 1638px) 100vw, 1638px\" \/><\/p>\n<p><span style=\"font-family: tahoma, arial, helvetica, sans-serif;\">Zu Beginn des Schuljahres fand der traditionelle Wortgottesdienst in der Kirche Seyring statt. Die Sch\u00fclerInnen des r\u00f6m.kath. Unterrichts trugen mit ihren gelernten Liedern, F\u00fcrbitten und Lesungen zu einer gelungenen Messe bei. Danke an Fr. Rittsteuer f\u00fcr die Organisation. <\/span><\/p>\n","protected":false},"excerpt":{"rendered":"<p>Bei unserem traditionellen Abschlussfest am letzten Schultag verabschiedeten wir die vierte Klasse. Wir werden euch vermissen. &nbsp; Die ganze Schule machte einen Abschlussausflug ins Planetarium. Dort erfuhren wir viel Wissenswertes \u00fcber das Universum. &nbsp; Viel Spa\u00df hatte die dritte Klasse bei ihrer Lesenacht. Pizza machen, eine Schatzsuche und ein Nachtspaziergang waren die Highlights. &nbsp; Ein [&hellip;]<\/p>\n","protected":false},"author":10,"featured_media":0,"parent":0,"menu_order":0,"comment_status":"closed","ping_status":"closed","template":"","meta":{"ngg_post_thumbnail":0,"footnotes":""},"class_list":["post-9747","page","type-page","status-publish","hentry"],"_links":{"self":[{"href":"https:\/\/vsseyring.ac.at\/index.php?rest_route=\/wp\/v2\/pages\/9747","targetHints":{"allow":["GET"]}}],"collection":[{"href":"https:\/\/vsseyring.ac.at\/index.php?rest_route=\/wp\/v2\/pages"}],"about":[{"href":"https:\/\/vsseyring.ac.at\/index.php?rest_route=\/wp\/v2\/types\/page"}],"author":[{"embeddable":true,"href":"https:\/\/vsseyring.ac.at\/index.php?rest_route=\/wp\/v2\/users\/10"}],"replies":[{"embeddable":true,"href":"https:\/\/vsseyring.ac.at\/index.php?rest_route=%2Fwp%2Fv2%2Fcomments&post=9747"}],"version-history":[{"count":34,"href":"https:\/\/vsseyring.ac.at\/index.php?rest_route=\/wp\/v2\/pages\/9747\/revisions"}],"predecessor-version":[{"id":9903,"href":"https:\/\/vsseyring.ac.at\/index.php?rest_route=\/wp\/v2\/pages\/9747\/revisions\/9903"}],"wp:attachment":[{"href":"https:\/\/vsseyring.ac.at\/index.php?rest_route=%2Fwp%2Fv2%2Fmedia&parent=9747"}],"curies":[{"name":"wp","href":"https:\/\/api.w.org\/{rel}","templated":true}]}}